{"id":59411,"date":"2025-11-22T15:14:42","date_gmt":"2025-11-22T14:14:42","guid":{"rendered":"https:\/\/www.wumingfoundation.com\/giap\/?page_id=59411"},"modified":"2026-02-12T13:34:58","modified_gmt":"2026-02-12T12:34:58","slug":"norma-cossetto-inchiesta","status":"publish","type":"page","link":"https:\/\/www.wumingfoundation.com\/giap\/norma-cossetto-inchiesta\/","title":{"rendered":"Di cosa parliamo quando parliamo di Norma Cossetto? L&#8217;inchiesta storica di Nicoletta Bourbaki"},"content":{"rendered":"<div id=\"attachment_59443\" style=\"width: 710px\" class=\"wp-caption aligncenter\"><a href=\"https:\/\/www.wumingfoundation.com\/giap\/wp-content\/uploads\/2025\/11\/3.jpeg\"><img loading=\"lazy\" decoding=\"async\" aria-describedby=\"caption-attachment-59443\" class=\"wp-image-59443\" src=\"https:\/\/www.wumingfoundation.com\/giap\/wp-content\/uploads\/2025\/11\/3.jpeg\" alt=\"\" width=\"700\" height=\"606\" srcset=\"https:\/\/www.wumingfoundation.com\/giap\/wp-content\/uploads\/2025\/11\/3.jpeg 1736w, https:\/\/www.wumingfoundation.com\/giap\/wp-content\/uploads\/2025\/11\/3-300x260.jpeg 300w, https:\/\/www.wumingfoundation.com\/giap\/wp-content\/uploads\/2025\/11\/3-1024x887.jpeg 1024w, https:\/\/www.wumingfoundation.com\/giap\/wp-content\/uploads\/2025\/11\/3-768x665.jpeg 768w\" sizes=\"auto, (max-width: 700px) 100vw, 700px\" \/><\/a><p id=\"caption-attachment-59443\" class=\"wp-caption-text\">Immagini tratte dal fumetto di Merlino e Delvecchio <em>Foiba rossa. Norma Cossetto, storia di un\u2019italiana<\/em>, pubblicato nel 2018 da Ferrogallico, casa editrice di estrema destra. Un prodotto caratterizzato da numerose falsificazioni, di cui si occupa la terza puntata dell&#8217;inchiesta. Qui, pag. 63, vediamo un\u2019immaginaria riunione dei capi della Resistenza jugoslava. La prima vignetta ricalca una foto celebre: la prima seduta del politburo del Partito comunista jugoslavo sull&#8217;isola di Vis, nel 1944. Lo spostamento della scena in un improbabile antro di Zagabria e la retrodatazione all\u2019\u00abestate 1943\u00bb insinuano che le foibe istriane siano state conseguenza di una decisione presa al vertice. Vertice piazzato nientemeno che nella capitale croata, che invece era sotto il controllo degli Usta\u0161a filofascisti. A conferma della generale sciatteria, le frasi in serbocroato contengono diversi errori. Il fumetto \u00e8 stato distribuito gratis nelle scuole di diverse regioni e citt\u00e0. <em>Immagini riprodotte per uso di critica e discussione, cfr. Legge 22 aprile 1941, n. 633, titolo I, articolo 70, capo V, sez.1.<\/em><\/p><\/div>\n<p>Per anni il collettivo di inchiesta storiografica <a href=\"https:\/\/www.wumingfoundation.com\/giap\/nicoletta-bourbaki\/\"><strong>Nicoletta Bourbaki<\/strong><\/a> ha svolto ricerche sulla figura di<strong> Norma Cossetto <\/strong>(1920-1943). Gli esiti di tali ricerche sono stati pubblicati su Giap tra il 2019 e il 2024, in cinque puntate. Qui sotto trovate sinossi e link.<\/p>\n<p>Assurta allo status di martire dell&#8217;identit\u00e0 italiana, annoverata tra le donne simbolo della nazione, Cossetto \u00e8 in realt\u00e0 <em>simbolo del collaborazionismo con l\u2019occupante nazista<\/em>. Nel gennaio 1945, nella Trieste annessa <em>de facto<\/em> al Terzo Reich, le fu anche intitolata una brigata nera. Se la sua figura \u00e8 oggi percepita come &#8220;bipartisan&#8221;, espressione di una memoria &#8220;da condividere&#8221;, \u00e8 perch\u00e9 c\u2019\u00e8 stato un lungo lavorio.<\/p>\n<p><span id=\"more-54916\"><\/span>Svariati soggetti hanno operato per rendere egemone e <em>ufficiale<\/em> una certa narrazione. In sintesi, tale narrazione \u00e8 una congerie di montature e falsi allestita dall\u2019ufficio propaganda del Reich nel Litorale Adriatico occupato, poi perfezionata dalla X Mas intenta ad accreditarsi presso gli Alleati, in seguito arricchita di dettagli tanto macabri quanto fittizi negli ambienti del neofascismo e del razzismo antislavo.<\/p>\n<p>Sono affermazioni molto nette, ne siamo consapevoli e le facciamo a ragion veduta. A supportarle \u00e8 il pi\u00f9 serio lavoro storiografico finora compiuto su questa vicenda, che al vaglio delle fonti si rivela diversissima dall&#8217;oleografia patriottica finora propalata.<\/p>\n<h4 class=\"entry-title\"><a href=\"https:\/\/www.wumingfoundation.com\/giap\/wp-content\/uploads\/2025\/11\/Schermata-2025-11-22-alle-01.12.46.png\"><img loading=\"lazy\" decoding=\"async\" class=\"alignright wp-image-59413\" src=\"https:\/\/www.wumingfoundation.com\/giap\/wp-content\/uploads\/2025\/11\/Schermata-2025-11-22-alle-01.12.46.png\" alt=\"\" width=\"200\" height=\"219\" srcset=\"https:\/\/www.wumingfoundation.com\/giap\/wp-content\/uploads\/2025\/11\/Schermata-2025-11-22-alle-01.12.46.png 309w, https:\/\/www.wumingfoundation.com\/giap\/wp-content\/uploads\/2025\/11\/Schermata-2025-11-22-alle-01.12.46-273x300.png 273w\" sizes=\"auto, (max-width: 200px) 100vw, 200px\" \/><\/a><strong><a title=\"Permalink to Gli incontrollati fantasy su Norma Cossetto, 1a parte | Una kolossale foiba nell\u2019acqua: il film Rosso Istria\" href=\"https:\/\/www.wumingfoundation.com\/giap\/2019\/01\/fantasy-norma-cossetto-1-red-land\/\" rel=\"bookmark\">Gli incontrollati fantasy su Norma Cossetto, 1a parte | Una kolossale foiba nell\u2019acqua: il film <em>Rosso Istria<\/em><\/a><\/strong><\/h4>\n<p>La pentalogia si apre con una disamina del film <i>Red Land \u2013 Rosso Istria<\/i> (2018), diretto da Maximiliano Hernando Bruno, che in teoria narra il rapimento e l&#8217;uccisione di Norma Cossetto.<\/p>\n<p>La pellicola, finanziata con fondi pubblici regionali (Veneto e Lazio), supplisce alle scarse fonti storiche a colpi di propaganda morbosa. Un mezzo-horror che ha pretese di &#8220;kolossal&#8221;, ma i cui i limiti di budget e professionalit\u00e0 sono evidenti dal principio alla fine.<\/p>\n<p>Promosso dalla destra come veicolo di una &#8220;memoria condivisa&#8221; reazionaria, sovranista e vittimistica, il film fa i conti col fantasma di un&#8217;opera mai realizzata, il fantomatico <i>Foibe<\/i> di &#8220;John Kaylin&#8221; (Mirko Zeppellini).<\/p>\n<p><em>Red Land<\/em> si rivela subito un inappellabile fiasco al botteghino. La destra ne d\u00e0 la colpa a boicottaggi e oscure manovre. Il fine, comunque, \u00e8 pi\u00f9 ideologico che commerciale: <em>Red Land<\/em> \u00e8 stato concepito per passare in tv a ogni Giorno del Ricordo.<\/p>\n<p><strong><a href=\"https:\/\/www.wumingfoundation.com\/giap\/2019\/01\/fantasy-norma-cossetto-1-red-land\/\">Leggi la prima puntata<\/a><\/strong>.<\/p>\n<h4 class=\"entry-title\"><a href=\"https:\/\/www.wumingfoundation.com\/giap\/wp-content\/uploads\/2025\/11\/Schermata-2025-11-22-alle-01.14.45.png\"><img loading=\"lazy\" decoding=\"async\" class=\"alignright wp-image-59414\" src=\"https:\/\/www.wumingfoundation.com\/giap\/wp-content\/uploads\/2025\/11\/Schermata-2025-11-22-alle-01.14.45.png\" alt=\"\" width=\"200\" height=\"200\" srcset=\"https:\/\/www.wumingfoundation.com\/giap\/wp-content\/uploads\/2025\/11\/Schermata-2025-11-22-alle-01.14.45.png 580w, https:\/\/www.wumingfoundation.com\/giap\/wp-content\/uploads\/2025\/11\/Schermata-2025-11-22-alle-01.14.45-300x300.png 300w, https:\/\/www.wumingfoundation.com\/giap\/wp-content\/uploads\/2025\/11\/Schermata-2025-11-22-alle-01.14.45-150x150.png 150w\" sizes=\"auto, (max-width: 200px) 100vw, 200px\" \/><\/a><strong><a href=\"https:\/\/www.wumingfoundation.com\/giap\/2019\/01\/fantasy-norma-cossetto-2-cosa-sappiamo\/\">Gli incontrollati fantasy su Norma Cossetto, 2a parte | Cosa sappiamo davvero di questa storia?<\/a><\/strong><\/h4>\n<p>La seconda puntata passa in rassegna i (pochi) fatti storici noti sulla vita e la morte di Norma Cossetto, mettendoli a confronto con la narrazione gonfiatasi nei decenni.<\/p>\n<p>Figlia di uno squadrista e podest\u00e0 fascista, Giuseppe Cossetto, Norma studiava Lettere a Padova ed era prossima alla laurea. Catturata da insorti istriani a ottobre, nel caos post-Armistizio, il suo corpo \u2013 insieme ad altri venticinque \u2013 fu ritrovato nella foiba di Surani nel dicembre successivo.<\/p>\n<p>L&#8217;inchiesta smonta le dicerie su torture e stupri, che hanno origine nella propaganda nazista in Venezia Giulia, zona annessa de facto al Reich. Lo scopo era fomentare gli odi etnici nella regione.<\/p>\n<p>Le numerose discrepanze su date, episodi e moventi derivano da testimonianze familiari \u2013 di una famiglia che fu pienamente fascista e collaborazionista \u2013 e da narrazioni post-belliche che per decenni si sono riempite di dettagli sempre pi\u00f9 macabri.<\/p>\n<p>La medaglia d&#8217;oro che le \u00e8 stata conferita nel 2005 ha elevato Norma Cossetto a martire &#8220;patriottica&#8221;, ma ci\u00f2 \u00e8 avvenuto sulla base di vere e proprie leggende e di una totale mancanza di evidenze.<\/p>\n<p><a href=\"https:\/\/www.wumingfoundation.com\/giap\/2019\/01\/fantasy-norma-cossetto-2-cosa-sappiamo\/\"><strong>Leggi la seconda puntata<\/strong><\/a>.<\/p>\n<h4 class=\"entry-title\"><a href=\"https:\/\/www.wumingfoundation.com\/giap\/wp-content\/uploads\/2019\/02\/caz_de_chien-1.png\"><img loading=\"lazy\" decoding=\"async\" class=\"alignright wp-image-37020\" src=\"https:\/\/www.wumingfoundation.com\/giap\/wp-content\/uploads\/2019\/02\/caz_de_chien-1.png\" alt=\"\" width=\"200\" height=\"141\" \/><\/a><strong><a title=\"Permalink to Gli incontrollati fantasy su Norma Cossetto, 3a parte | Leggende metropolitane e ricatti morali. Con un appello agli storici: rialzate la testa!\" href=\"https:\/\/www.wumingfoundation.com\/giap\/2019\/02\/fantasy-norma-cossetto-3-foibe-rosse\/\" rel=\"bookmark\">Gli incontrollati fantasy su Norma Cossetto, 3a parte | Leggende metropolitane e ricatti morali. Con un appello agli storici: rialzate la testa!<\/a><\/strong><\/h4>\n<p>La terza puntata si concentra sul libro di Frediano Sessi <i>Foibe rosse. Vita di Norma Cossetto uccisa in Istria nel \u201943<\/i> (Marsilio, 2007).<\/p>\n<p>Gi\u00e0 divulgatore della Shoah, qui Sessi ibrida saggistica, memoria e fiction, contribuendo a una \u00abannafrankizzazione\u00bb di Norma Cossetto funzionale a una \u00abolocaustizzazione\u00bb delle foibe.<\/p>\n<p>L&#8217;inchiesta mette in luce lo scarso rigore metodologico di Sessi, che al lavoro sulle fonti preferisce la costruzione di una \u00abmemoria del dolore\u00bb. Quest&#8217;ultima \u00e8 affidata in modo acritico a interviste e testimonianze orali, mai riscontrate su fonti documentali come dovrebbe avvenire nella storia orale.<\/p>\n<p>Sessi colma i molti vuoti con invenzioni romanzate, come un \u00abdiario verosimile\u00bb di Norma, scelta che giustifica citando arbitrariamente Michel Foucault ed Enzo Traverso.<\/p>\n<p>Per ricerche e fonti, Sessi accredita personaggi quali Pierpaolo Silvestri, di cui omette o comunque sminuisce la militanza neofascista, e Guido Rumici, consulente per il gi\u00e0 esaminato film <em>Red Land.<\/em><\/p>\n<p>L&#8217;\u00aboggetto narrativo mal identificato\u00bb di Sessi ha influenzato altre opere, come il quasi omonimo fumetto \u00a0<i>Foiba rossa<\/i> \u2013 edito da un marchio neofascista nel 2018 \u2013 e appunto <em>Red<\/em> <i>Land<\/i>.<\/p>\n<p>Leggende d&#8217;odio, rimozione del colonialismo italiano e dei crimini fascisti nei Balcani, accuse strumentali di &#8220;negazionismo&#8221;&#8230; Contro tutto questo, Nicoletta Bourbaki auspica una nuova stagione di coraggio e rigore storiografico.<\/p>\n<p><a href=\"https:\/\/www.wumingfoundation.com\/giap\/2019\/02\/fantasy-norma-cossetto-3-foibe-rosse\/\"><strong>Leggi la terza puntata<\/strong><\/a>.<\/p>\n<h4 class=\"entry-title\"><a href=\"https:\/\/www.wumingfoundation.com\/giap\/wp-content\/uploads\/2025\/11\/Schermata-2025-11-22-alle-01.17.40.png\"><img loading=\"lazy\" decoding=\"async\" class=\"alignright wp-image-59415\" src=\"https:\/\/www.wumingfoundation.com\/giap\/wp-content\/uploads\/2025\/11\/Schermata-2025-11-22-alle-01.17.40.png\" alt=\"\" width=\"200\" height=\"191\" \/><\/a><strong><a title=\"Permalink to Gli incontrollati fantasy su Norma Cossetto, 4a parte | Miti e bugie intorno a una laurea\" href=\"https:\/\/www.wumingfoundation.com\/giap\/2024\/04\/fantasy-norma-cossetto-4-bugie-sulla-laurea\/\" rel=\"bookmark\">Gli incontrollati fantasy su Norma Cossetto, 4a parte | Miti e bugie intorno a una laurea<\/a><\/strong><\/h4>\n<p>Pubblicata a cinque anni dalla precedente, la quarta puntata fa piazza pulita di un mito radicato: il presunto ruolo di Concetto Marchesi, latinista antifascista e rettore dell\u2019Universit\u00e0 di Padova, quale mentore di Norma Cossetto, relatore mancato della sua tesi e promotore della sua laurea ad honorem postuma nel 1949.<\/p>\n<p>Basandosi su ricerche d\u2019archivio, Nicoletta Bourbaki dimostra che tale narrazione \u00e8 infondata, nata da dicerie ma &#8220;sdoganata&#8221; persino da Luciano Canfora, che nella sua biografia di Marchesi si affida a pseudo-fonti in modo sbrigativo.<\/p>\n<p>Peggio di lui fa il solito Sessi, che consulta gli archivi, ma decide di ignorare quel che dicono i documenti, preferendo lanciarsi in congetture implausibili e storicamente campate in aria.<\/p>\n<p>L\u2019inchiesta rivela che la laurea di Cossetto rientrava in un programma standard per studenti \u00abcaduti per la libert\u00e0 o sul campo d\u2019onore\u00bb. Le assegnazioni erano decise da una commissione senza alcun coinvolgimento di Marchesi. Casi simili mostrano iter burocratici identici, con segnalazioni familiari e delibere collettive.<\/p>\n<p>La leggenda riguardante Marchesi affiora solo nel 1983 e si espande nei decenni successivi. Attribuire a Norma un mentore antifascista serviva a stemperare il collaborazionismo filonazista della famiglia, enfatizzando una \u00abitalianit\u00e0\u00bb presuntamente super partes.<\/p>\n<p><a href=\"https:\/\/www.wumingfoundation.com\/giap\/2024\/04\/fantasy-norma-cossetto-4-bugie-sulla-laurea\/\"><strong>Leggi la quarta puntata<\/strong><\/a>.<\/p>\n<h4 class=\"entry-title\"><a href=\"https:\/\/www.wumingfoundation.com\/giap\/wp-content\/uploads\/2025\/11\/Schermata-2025-11-22-alle-01.20.48.png\"><img loading=\"lazy\" decoding=\"async\" class=\"alignright wp-image-59416\" src=\"https:\/\/www.wumingfoundation.com\/giap\/wp-content\/uploads\/2025\/11\/Schermata-2025-11-22-alle-01.20.48.png\" alt=\"\" width=\"200\" height=\"198\" srcset=\"https:\/\/www.wumingfoundation.com\/giap\/wp-content\/uploads\/2025\/11\/Schermata-2025-11-22-alle-01.20.48.png 585w, https:\/\/www.wumingfoundation.com\/giap\/wp-content\/uploads\/2025\/11\/Schermata-2025-11-22-alle-01.20.48-300x296.png 300w, https:\/\/www.wumingfoundation.com\/giap\/wp-content\/uploads\/2025\/11\/Schermata-2025-11-22-alle-01.20.48-150x150.png 150w\" sizes=\"auto, (max-width: 200px) 100vw, 200px\" \/><\/a><strong><a title=\"Permalink to Gli incontrollati fantasy su Norma Cossetto, 5a parte | Cambiare le date per falsare la storia\" href=\"https:\/\/www.wumingfoundation.com\/giap\/2024\/04\/fantasy-norma-cossetto-5-cambiare-le-date\/\" rel=\"bookmark\">Gli incontrollati fantasy su Norma Cossetto, 5a parte | Cambiare le date per falsare la storia<\/a><\/strong><\/h4>\n<p>Nell&#8217;ultimo capitolo dell\u2019inchiesta, Nicoletta Bourbaki smonta la manipolazione cronologica che sostiene la mitologia su Norma Cossetto, dimostrando che la propaganda ha falsato date e contesti.<\/p>\n<p>L\u2019Istria post-armistizio dell\u20198 settembre 1943 \u00e8 un territorio in ebollizione. \u00c8 in corso un&#8217;insurrezione, partigiani sloveni, croati e italiani arrestano fascisti e collaborazionisti, nel vuoto di potere che precede l\u2019occupazione tedesca.<\/p>\n<p>La famiglia Cossetto ben rappresenta il \u00abfascismo di confine\u00bb. Il padre, Giuseppe, squadrista, podest\u00e0 e commissario delle casse rurali, \u00e8 parte della macchina colonialista che mediante credito e fisco ha espropriato le terre di sloveni e croati. Lei, Norma, attiva nell&#8217;associazionismo fascista, condivide il razzismo antislavo del suo ambiente.<\/p>\n<p>Nicoletta Bourbaki analizza fonti primarie e dimostra che l\u2019arresto di Norma Cossetto avvenne il 2 ottobre, non il 26 settembre, come da retrodatazione ribadita contro ogni evidenza anche da Sessi in <i>Foibe rosse<\/i>. I ventisei prigionieri, lei inclusa, sono trasportati ad Antignana il 3-4 ottobre e uccisi quella notte, mentre sono in corso i rastrellamenti nazifascisti seguiti al bombardamento di Pisino da parte dell\u2019aviazione hitleriana.<\/p>\n<p>Retrodatare \u00e8 servito in primis ad allungare i tempi della detenzione per poterli riempire di sempre pi\u00f9 orrore e nefandezze; in secundis a offuscare il collaborazionismo di Giuseppe Cossetto.<\/p>\n<p>Quest&#8217;ultimo, dopo essersi arruolato a Trieste nei rinati Fasci di combattimento, rientra in Istria il 2 ottobre \u2013 cio\u00e8 <em>prima<\/em> che sua figlia sia catturata \u2013 con la 5\u00aa compagnia fucilieri RSI per partecipare all\u2019<i>Unternehmen Istrien<\/i>, l&#8217;offensiva tedesca per &#8220;ripulire&#8221; l\u2019Istria dai partigiani.<\/p>\n<p>Ripristinare la data corretta \u00e8 indispensabile per capire il contesto in cui avvengono gli spostamenti e l&#8217;esecuzione dei ventisei prigionieri, e per smontare il mito del &#8220;padre eroico&#8221; tornato in Istria per cercare la figlia, anzich\u00e9 per rastrellare i villaggi agli ordini dei nazisti.<\/p>\n<p><a href=\"https:\/\/www.wumingfoundation.com\/giap\/2024\/04\/fantasy-norma-cossetto-5-cambiare-le-date\/\"><strong>Leggi la quinta puntata<\/strong><\/a>.<\/p>\n<h4><strong>Poscritti<\/strong><\/h4>\n<h5><strong><a href=\"https:\/\/medium.com\/@nicolettabourbaki\/carpire-la-memoria-il-sindaco-la-martire-la-riscossa-del-collaborazionismo-638836f5d1db\">Carpire la memoria: il sindaco, la martire, la riscossa del collaborazionismo<\/a><\/strong><\/h5>\n<h5><strong><a href=\"https:\/\/medium.com\/@nicolettabourbaki\/un-accostamento-aberrante-come-il-culto-di-norma-cossetto-sta-deturpando-la-storia-0af0634a2980\">Un accostamento aberrante. Come il culto di Norma Cossetto sta deturpando la storia<\/a><\/strong><\/h5>\n<p><span style=\"color: #ffffff;\">&#8211;<\/span><\/p>\n<p><span style=\"color: #ffffff;\">&#8211;<\/span><\/p>\n","protected":false},"excerpt":{"rendered":"Per anni il collettivo di inchiesta storiografica Nicoletta Bourbaki ha svolto ricerche sulla figura di Norma Cossetto (1920-1943). Gli esiti di tali ricerche sono stati pubblicati su Giap tra il 2019 e il 2024, in cinque puntate. Qui sotto trovate sinossi e link. Assurta allo status di martire dell&#8217;identit\u00e0 italiana, annoverata tra le donne simbolo [&hellip;]","protected":false},"author":5356,"featured_media":59443,"parent":0,"menu_order":0,"comment_status":"closed","ping_status":"closed","template":"","meta":{"footnotes":""},"class_list":["post-59411","page","type-page","status-publish","has-post-thumbnail","hentry"],"yoast_head":"<!-- This site is optimized with the Yoast SEO plugin v27.4 - https:\/\/yoast.com\/product\/yoast-seo-wordpress\/ -->\n<title>Di cosa parliamo quando parliamo di Norma Cossetto? Un&#039;inchiesta storica<\/title>\n<meta name=\"description\" content=\"Da anni il collettivo Nicoletta Bourbaki svolge ricerche sulla figura di Norma Cossetto. Questa \u00e8 l&#039;inchiesta pi\u00f9 completa sull&#039;argomento.\" \/>\n<meta name=\"robots\" content=\"index, follow, max-snippet:-1, max-image-preview:large, max-video-preview:-1\" \/>\n<link rel=\"canonical\" href=\"https:\/\/www.wumingfoundation.com\/giap\/norma-cossetto-inchiesta\/\" \/>\n<meta property=\"og:locale\" content=\"it_IT\" \/>\n<meta property=\"og:type\" content=\"article\" \/>\n<meta property=\"og:title\" content=\"Di cosa parliamo quando parliamo di Norma Cossetto? Un&#039;inchiesta storica\" \/>\n<meta property=\"og:description\" content=\"Da anni il collettivo Nicoletta Bourbaki svolge ricerche sulla figura di Norma Cossetto. Questa \u00e8 l&#039;inchiesta pi\u00f9 completa sull&#039;argomento.\" \/>\n<meta property=\"og:url\" content=\"https:\/\/www.wumingfoundation.com\/giap\/norma-cossetto-inchiesta\/\" \/>\n<meta property=\"og:site_name\" content=\"Giap\" \/>\n<meta property=\"article:modified_time\" content=\"2026-02-12T12:34:58+00:00\" \/>\n<meta property=\"og:image\" content=\"https:\/\/www.wumingfoundation.com\/giap\/wp-content\/uploads\/2025\/11\/3.jpeg\" \/>\n\t<meta property=\"og:image:width\" content=\"1736\" \/>\n\t<meta property=\"og:image:height\" content=\"1503\" \/>\n\t<meta property=\"og:image:type\" content=\"image\/jpeg\" \/>\n<meta name=\"twitter:card\" content=\"summary_large_image\" \/>\n<meta name=\"twitter:site\" content=\"@Wu_Ming_Foundt\" \/>\n<meta name=\"twitter:label1\" content=\"Tempo di lettura stimato\" \/>\n\t<meta name=\"twitter:data1\" content=\"10 minuti\" \/>\n<script type=\"application\/ld+json\" class=\"yoast-schema-graph\">{\"@context\":\"https:\\\/\\\/schema.org\",\"@graph\":[{\"@type\":\"WebPage\",\"@id\":\"https:\\\/\\\/www.wumingfoundation.com\\\/giap\\\/norma-cossetto-inchiesta\\\/\",\"url\":\"https:\\\/\\\/www.wumingfoundation.com\\\/giap\\\/norma-cossetto-inchiesta\\\/\",\"name\":\"Di cosa parliamo quando parliamo di Norma Cossetto? Un'inchiesta storica\",\"isPartOf\":{\"@id\":\"https:\\\/\\\/www.wumingfoundation.com\\\/giap\\\/#website\"},\"primaryImageOfPage\":{\"@id\":\"https:\\\/\\\/www.wumingfoundation.com\\\/giap\\\/norma-cossetto-inchiesta\\\/#primaryimage\"},\"image\":{\"@id\":\"https:\\\/\\\/www.wumingfoundation.com\\\/giap\\\/norma-cossetto-inchiesta\\\/#primaryimage\"},\"thumbnailUrl\":\"https:\\\/\\\/www.wumingfoundation.com\\\/giap\\\/wp-content\\\/uploads\\\/2025\\\/11\\\/3.jpeg\",\"datePublished\":\"2025-11-22T14:14:42+00:00\",\"dateModified\":\"2026-02-12T12:34:58+00:00\",\"description\":\"Da anni il collettivo Nicoletta Bourbaki svolge ricerche sulla figura di Norma Cossetto. Questa \u00e8 l'inchiesta pi\u00f9 completa sull'argomento.\",\"breadcrumb\":{\"@id\":\"https:\\\/\\\/www.wumingfoundation.com\\\/giap\\\/norma-cossetto-inchiesta\\\/#breadcrumb\"},\"inLanguage\":\"it-IT\",\"potentialAction\":[{\"@type\":\"ReadAction\",\"target\":[\"https:\\\/\\\/www.wumingfoundation.com\\\/giap\\\/norma-cossetto-inchiesta\\\/\"]}]},{\"@type\":\"ImageObject\",\"inLanguage\":\"it-IT\",\"@id\":\"https:\\\/\\\/www.wumingfoundation.com\\\/giap\\\/norma-cossetto-inchiesta\\\/#primaryimage\",\"url\":\"https:\\\/\\\/www.wumingfoundation.com\\\/giap\\\/wp-content\\\/uploads\\\/2025\\\/11\\\/3.jpeg\",\"contentUrl\":\"https:\\\/\\\/www.wumingfoundation.com\\\/giap\\\/wp-content\\\/uploads\\\/2025\\\/11\\\/3.jpeg\",\"width\":1736,\"height\":1503},{\"@type\":\"BreadcrumbList\",\"@id\":\"https:\\\/\\\/www.wumingfoundation.com\\\/giap\\\/norma-cossetto-inchiesta\\\/#breadcrumb\",\"itemListElement\":[{\"@type\":\"ListItem\",\"position\":1,\"name\":\"Home\",\"item\":\"https:\\\/\\\/www.wumingfoundation.com\\\/giap\\\/\"},{\"@type\":\"ListItem\",\"position\":2,\"name\":\"Di cosa parliamo quando parliamo di Norma Cossetto? L&#8217;inchiesta storica di Nicoletta Bourbaki\"}]},{\"@type\":\"WebSite\",\"@id\":\"https:\\\/\\\/www.wumingfoundation.com\\\/giap\\\/#website\",\"url\":\"https:\\\/\\\/www.wumingfoundation.com\\\/giap\\\/\",\"name\":\"Giap\",\"description\":\"Il sito ufficiale di Wu Ming, collettivo di scrittori\",\"potentialAction\":[{\"@type\":\"SearchAction\",\"target\":{\"@type\":\"EntryPoint\",\"urlTemplate\":\"https:\\\/\\\/www.wumingfoundation.com\\\/giap\\\/?s={search_term_string}\"},\"query-input\":{\"@type\":\"PropertyValueSpecification\",\"valueRequired\":true,\"valueName\":\"search_term_string\"}}],\"inLanguage\":\"it-IT\"}]}<\/script>\n<!-- \/ Yoast SEO plugin. -->","yoast_head_json":{"title":"Di cosa parliamo quando parliamo di Norma Cossetto? Un'inchiesta storica","description":"Da anni il collettivo Nicoletta Bourbaki svolge ricerche sulla figura di Norma Cossetto. Questa \u00e8 l'inchiesta pi\u00f9 completa sull'argomento.","robots":{"index":"index","follow":"follow","max-snippet":"max-snippet:-1","max-image-preview":"max-image-preview:large","max-video-preview":"max-video-preview:-1"},"canonical":"https:\/\/www.wumingfoundation.com\/giap\/norma-cossetto-inchiesta\/","og_locale":"it_IT","og_type":"article","og_title":"Di cosa parliamo quando parliamo di Norma Cossetto? Un'inchiesta storica","og_description":"Da anni il collettivo Nicoletta Bourbaki svolge ricerche sulla figura di Norma Cossetto. Questa \u00e8 l'inchiesta pi\u00f9 completa sull'argomento.","og_url":"https:\/\/www.wumingfoundation.com\/giap\/norma-cossetto-inchiesta\/","og_site_name":"Giap","article_modified_time":"2026-02-12T12:34:58+00:00","og_image":[{"width":1736,"height":1503,"url":"https:\/\/www.wumingfoundation.com\/giap\/wp-content\/uploads\/2025\/11\/3.jpeg","type":"image\/jpeg"}],"twitter_card":"summary_large_image","twitter_site":"@Wu_Ming_Foundt","twitter_misc":{"Tempo di lettura stimato":"10 minuti"},"schema":{"@context":"https:\/\/schema.org","@graph":[{"@type":"WebPage","@id":"https:\/\/www.wumingfoundation.com\/giap\/norma-cossetto-inchiesta\/","url":"https:\/\/www.wumingfoundation.com\/giap\/norma-cossetto-inchiesta\/","name":"Di cosa parliamo quando parliamo di Norma Cossetto? Un'inchiesta storica","isPartOf":{"@id":"https:\/\/www.wumingfoundation.com\/giap\/#website"},"primaryImageOfPage":{"@id":"https:\/\/www.wumingfoundation.com\/giap\/norma-cossetto-inchiesta\/#primaryimage"},"image":{"@id":"https:\/\/www.wumingfoundation.com\/giap\/norma-cossetto-inchiesta\/#primaryimage"},"thumbnailUrl":"https:\/\/www.wumingfoundation.com\/giap\/wp-content\/uploads\/2025\/11\/3.jpeg","datePublished":"2025-11-22T14:14:42+00:00","dateModified":"2026-02-12T12:34:58+00:00","description":"Da anni il collettivo Nicoletta Bourbaki svolge ricerche sulla figura di Norma Cossetto. Questa \u00e8 l'inchiesta pi\u00f9 completa sull'argomento.","breadcrumb":{"@id":"https:\/\/www.wumingfoundation.com\/giap\/norma-cossetto-inchiesta\/#breadcrumb"},"inLanguage":"it-IT","potentialAction":[{"@type":"ReadAction","target":["https:\/\/www.wumingfoundation.com\/giap\/norma-cossetto-inchiesta\/"]}]},{"@type":"ImageObject","inLanguage":"it-IT","@id":"https:\/\/www.wumingfoundation.com\/giap\/norma-cossetto-inchiesta\/#primaryimage","url":"https:\/\/www.wumingfoundation.com\/giap\/wp-content\/uploads\/2025\/11\/3.jpeg","contentUrl":"https:\/\/www.wumingfoundation.com\/giap\/wp-content\/uploads\/2025\/11\/3.jpeg","width":1736,"height":1503},{"@type":"BreadcrumbList","@id":"https:\/\/www.wumingfoundation.com\/giap\/norma-cossetto-inchiesta\/#breadcrumb","itemListElement":[{"@type":"ListItem","position":1,"name":"Home","item":"https:\/\/www.wumingfoundation.com\/giap\/"},{"@type":"ListItem","position":2,"name":"Di cosa parliamo quando parliamo di Norma Cossetto? L&#8217;inchiesta storica di Nicoletta Bourbaki"}]},{"@type":"WebSite","@id":"https:\/\/www.wumingfoundation.com\/giap\/#website","url":"https:\/\/www.wumingfoundation.com\/giap\/","name":"Giap","description":"Il sito ufficiale di Wu Ming, collettivo di scrittori","potentialAction":[{"@type":"SearchAction","target":{"@type":"EntryPoint","urlTemplate":"https:\/\/www.wumingfoundation.com\/giap\/?s={search_term_string}"},"query-input":{"@type":"PropertyValueSpecification","valueRequired":true,"valueName":"search_term_string"}}],"inLanguage":"it-IT"}]}},"_links":{"self":[{"href":"https:\/\/www.wumingfoundation.com\/giap\/wp-json\/wp\/v2\/pages\/59411","targetHints":{"allow":["GET"]}}],"collection":[{"href":"https:\/\/www.wumingfoundation.com\/giap\/wp-json\/wp\/v2\/pages"}],"about":[{"href":"https:\/\/www.wumingfoundation.com\/giap\/wp-json\/wp\/v2\/types\/page"}],"author":[{"embeddable":true,"href":"https:\/\/www.wumingfoundation.com\/giap\/wp-json\/wp\/v2\/users\/5356"}],"replies":[{"embeddable":true,"href":"https:\/\/www.wumingfoundation.com\/giap\/wp-json\/wp\/v2\/comments?post=59411"}],"version-history":[{"count":6,"href":"https:\/\/www.wumingfoundation.com\/giap\/wp-json\/wp\/v2\/pages\/59411\/revisions"}],"predecessor-version":[{"id":60801,"href":"https:\/\/www.wumingfoundation.com\/giap\/wp-json\/wp\/v2\/pages\/59411\/revisions\/60801"}],"wp:featuredmedia":[{"embeddable":true,"href":"https:\/\/www.wumingfoundation.com\/giap\/wp-json\/wp\/v2\/media\/59443"}],"wp:attachment":[{"href":"https:\/\/www.wumingfoundation.com\/giap\/wp-json\/wp\/v2\/media?parent=59411"}],"curies":[{"name":"wp","href":"https:\/\/api.w.org\/{rel}","templated":true}]}}